{"id":2325,"date":"2021-11-23T08:24:24","date_gmt":"2021-11-23T08:24:24","guid":{"rendered":"https:\/\/www.calu.de\/blog\/?page_id=2325"},"modified":"2026-03-05T07:29:20","modified_gmt":"2026-03-05T07:29:20","slug":"calus-beauty-blog","status":"publish","type":"page","link":"https:\/\/www.calu.de\/blog\/","title":{"rendered":"Calu. Beauty-Blog"},"content":{"rendered":"\n<figure class=\"wp-block-image alignfull size-large\"><img loading=\"lazy\" decoding=\"async\" width=\"1024\" height=\"299\" src=\"https:\/\/www.calu.de\/blog\/wp-content\/uploads\/2020\/12\/calu_blog_header_hauttypen-1024x299.jpg\" alt=\"5 junge Frauen mit unterschiedlichen Hautt\u00f6nen und Haarfarben gruppiert, legen ihre K\u00f6pfe aneinander\" class=\"wp-image-240\" srcset=\"https:\/\/www.calu.de\/blog\/wp-content\/uploads\/2020\/12\/calu_blog_header_hauttypen-1024x299.jpg 1024w, https:\/\/www.calu.de\/blog\/wp-content\/uploads\/2020\/12\/calu_blog_header_hauttypen-300x88.jpg 300w, https:\/\/www.calu.de\/blog\/wp-content\/uploads\/2020\/12\/calu_blog_header_hauttypen-768x224.jpg 768w, https:\/\/www.calu.de\/blog\/wp-content\/uploads\/2020\/12\/calu_blog_header_hauttypen.jpg 1200w\" sizes=\"auto, (max-width: 1024px) 100vw, 1024px\" \/><\/figure>\n\n\n<ul class=\"wp-block-latest-posts__list is-grid columns-3 has-dates alignwide is-style-tw-posts-card tw-stretched-link wp-block-latest-posts\"><li><div class=\"wp-block-latest-posts__featured-image\"><img loading=\"lazy\" decoding=\"async\" width=\"580\" height=\"311\" src=\"https:\/\/www.calu.de\/blog\/wp-content\/uploads\/2023\/03\/Headerbild_grosse_Poren.jpg\" class=\"attachment-large size-large wp-post-image\" alt=\"\" style=\"\" srcset=\"https:\/\/www.calu.de\/blog\/wp-content\/uploads\/2023\/03\/Headerbild_grosse_Poren.jpg 1000w, https:\/\/www.calu.de\/blog\/wp-content\/uploads\/2023\/03\/Headerbild_grosse_Poren-300x161.jpg 300w, https:\/\/www.calu.de\/blog\/wp-content\/uploads\/2023\/03\/Headerbild_grosse_Poren-768x412.jpg 768w\" sizes=\"auto, (max-width: 580px) 100vw, 580px\" \/><\/div><a class=\"wp-block-latest-posts__post-title\" href=\"https:\/\/www.calu.de\/blog\/grossporige-unreine-haut-was-tun\/\">Gro\u00dfporige, unreine Haut? Was tun?<\/a><time datetime=\"2023-04-17T08:45:45+00:00\" class=\"wp-block-latest-posts__post-date\">April 17, 2023<\/time><div class=\"wp-block-latest-posts__post-excerpt\">Wer kennt sie nicht die l\u00e4stigen Mitesser und gro\u00dfe Poren\u00a0 die meist rund um die Nase, Stirn und Kinn auftreten, aber bei unreiner zu Akne neigender Haut auch im Wangenbereich.\u00a0<\/div><\/li>\n<li><div class=\"wp-block-latest-posts__featured-image\"><img loading=\"lazy\" decoding=\"async\" width=\"580\" height=\"311\" src=\"https:\/\/www.calu.de\/blog\/wp-content\/uploads\/2023\/03\/Headerbild_Haende.jpg\" class=\"attachment-large size-large wp-post-image\" alt=\"schoene Haende eincremen\" style=\"\" srcset=\"https:\/\/www.calu.de\/blog\/wp-content\/uploads\/2023\/03\/Headerbild_Haende.jpg 1000w, https:\/\/www.calu.de\/blog\/wp-content\/uploads\/2023\/03\/Headerbild_Haende-300x161.jpg 300w, https:\/\/www.calu.de\/blog\/wp-content\/uploads\/2023\/03\/Headerbild_Haende-768x412.jpg 768w\" sizes=\"auto, (max-width: 580px) 100vw, 580px\" \/><\/div><a class=\"wp-block-latest-posts__post-title\" href=\"https:\/\/www.calu.de\/blog\/schoene-und-gepflegte-haende\/\">Sch\u00f6ne und gepflegte H\u00e4nde<\/a><time datetime=\"2023-03-07T10:35:24+00:00\" class=\"wp-block-latest-posts__post-date\">M\u00e4rz 7, 2023<\/time><div class=\"wp-block-latest-posts__post-excerpt\">Sch\u00f6ne und gepflegte H\u00e4nde werden immer wieder als die Visitenkarte einer Frau gesehen. Zudem steht der Handr\u00fccken als ein untr\u00fcgliches Zeichen des Alters.\u00a0Es lohnt sich also doppelt, die d\u00fcnne und empfindliche Haut der H\u00e4nde zu pflegen und zu sch\u00fctzen, damit sie m\u00f6glichst lange gesund und sch\u00f6n bleibt.<\/div><\/li>\n<li><div class=\"wp-block-latest-posts__featured-image\"><img loading=\"lazy\" decoding=\"async\" width=\"580\" height=\"311\" src=\"https:\/\/www.calu.de\/blog\/wp-content\/uploads\/2022\/06\/frau-spiegel-betrachten-gesicht-haut-calu-blog-hauttbarriere-header.jpg\" class=\"attachment-large size-large wp-post-image\" alt=\"Eine \u00e4ltere blonde Frau im Bademantel betrachtet sich im Spiegel und ber\u00fchrt dabei ihre Wange mit ihrer Hand.\" style=\"\" srcset=\"https:\/\/www.calu.de\/blog\/wp-content\/uploads\/2022\/06\/frau-spiegel-betrachten-gesicht-haut-calu-blog-hauttbarriere-header.jpg 1000w, https:\/\/www.calu.de\/blog\/wp-content\/uploads\/2022\/06\/frau-spiegel-betrachten-gesicht-haut-calu-blog-hauttbarriere-header-300x161.jpg 300w, https:\/\/www.calu.de\/blog\/wp-content\/uploads\/2022\/06\/frau-spiegel-betrachten-gesicht-haut-calu-blog-hauttbarriere-header-768x412.jpg 768w\" sizes=\"auto, (max-width: 580px) 100vw, 580px\" \/><\/div><a class=\"wp-block-latest-posts__post-title\" href=\"https:\/\/www.calu.de\/blog\/hautbarriere-schuetzen-und-staerken\/\">Die Hautbarriere \u2013 warum Du sie sch\u00fctzen und st\u00e4rken solltest<\/a><time datetime=\"2022-06-20T08:00:11+00:00\" class=\"wp-block-latest-posts__post-date\">Juni 20, 2022<\/time><div class=\"wp-block-latest-posts__post-excerpt\">Tr\u00e4umst Du von einer gesunden, geschmeidigen und strahlenden Haut? Dann aufgewacht, denn in diesem Blogbeitrag erf\u00e4hrst Du nicht nur, was die Hautbarriere \u2013 die Schutzschicht unserer Haut Tag f\u00fcr Tag alles leistet, sondern auch, wie Du sie aktiv dabei unterst\u00fctzen kannst, Deinen Traum wahr werden zu lassen.\n<\/div><\/li>\n<li><div class=\"wp-block-latest-posts__featured-image\"><img loading=\"lazy\" decoding=\"async\" width=\"580\" height=\"311\" src=\"https:\/\/www.calu.de\/blog\/wp-content\/uploads\/2022\/05\/Unbenannt-1.jpg\" class=\"attachment-large size-large wp-post-image\" alt=\"Mann mit Creme Klecks auf der Backe\" style=\"\" srcset=\"https:\/\/www.calu.de\/blog\/wp-content\/uploads\/2022\/05\/Unbenannt-1.jpg 1000w, https:\/\/www.calu.de\/blog\/wp-content\/uploads\/2022\/05\/Unbenannt-1-300x161.jpg 300w, https:\/\/www.calu.de\/blog\/wp-content\/uploads\/2022\/05\/Unbenannt-1-768x412.jpg 768w\" sizes=\"auto, (max-width: 580px) 100vw, 580px\" \/><\/div><a class=\"wp-block-latest-posts__post-title\" href=\"https:\/\/www.calu.de\/blog\/die-perfekt-gepflegte-maennerhaut\/\">Die perfekt gepflegte M\u00e4nnerhaut<\/a><time datetime=\"2022-05-18T14:42:40+00:00\" class=\"wp-block-latest-posts__post-date\">Mai 18, 2022<\/time><div class=\"wp-block-latest-posts__post-excerpt\">Wahrscheinlich sind wir Frauen uns einig. Die Herren der Sch\u00f6pfung sollten nicht unbedingt mehr Zeit morgens im Bad als wir selbst beanspruchen, gut aussehen sollten sie aber dennoch. In den letzten Jahren ist der Markt f\u00fcr M\u00e4nnerpflegeprodukte enorm gewachsen, ja&hellip;<\/div><\/li>\n<li><div class=\"wp-block-latest-posts__featured-image\"><img loading=\"lazy\" decoding=\"async\" width=\"580\" height=\"311\" src=\"https:\/\/www.calu.de\/blog\/wp-content\/uploads\/2022\/05\/couperose_header_1000x536px.gif\" class=\"attachment-large size-large wp-post-image\" alt=\"Frau mit Couperose Hautbild\" style=\"\" \/><\/div><a class=\"wp-block-latest-posts__post-title\" href=\"https:\/\/www.calu.de\/blog\/ernahrung-bei-couperose\/\">Ger\u00f6tete Haut und sichtbare \u00c4derchen &#8211; Hautproblem \u201eCouperose\u201c<\/a><time datetime=\"2022-05-06T08:07:32+00:00\" class=\"wp-block-latest-posts__post-date\">Mai 6, 2022<\/time><div class=\"wp-block-latest-posts__post-excerpt\">Die Couperose kennzeichnet sich durch R\u00f6tungen und \u00c4derchen im Nasen- und Wangenbereich. Der Verlauf kann bei entsprechender Behandlung und Pflege deutlich verlangsamt und gemildert werden. <\/div><\/li>\n<li><div class=\"wp-block-latest-posts__featured-image\"><img loading=\"lazy\" decoding=\"async\" width=\"580\" height=\"311\" src=\"https:\/\/www.calu.de\/blog\/wp-content\/uploads\/2022\/03\/header.jpg\" class=\"attachment-large size-large wp-post-image\" alt=\"Foto von jungen Frauen mit sauberer Haut und Wassersplash. Portraet einer laechelnden Frau mit Tropfen Wasser um ihr Gesicht.\" style=\"\" srcset=\"https:\/\/www.calu.de\/blog\/wp-content\/uploads\/2022\/03\/header.jpg 1000w, https:\/\/www.calu.de\/blog\/wp-content\/uploads\/2022\/03\/header-300x161.jpg 300w, https:\/\/www.calu.de\/blog\/wp-content\/uploads\/2022\/03\/header-768x412.jpg 768w\" sizes=\"auto, (max-width: 580px) 100vw, 580px\" \/><\/div><a class=\"wp-block-latest-posts__post-title\" href=\"https:\/\/www.calu.de\/blog\/feuchtigkeit-feuchtigkeit-feuchtigkeit\/\">Feuchtigkeit, Feuchtigkeit, Feuchtigkeit<\/a><time datetime=\"2022-03-11T10:25:57+00:00\" class=\"wp-block-latest-posts__post-date\">M\u00e4rz 11, 2022<\/time><div class=\"wp-block-latest-posts__post-excerpt\">Wasser ist die Quelle unseres Lebens, \u00e4hnlich wie die Feuchtigkeit f\u00fcr unsere Haut. Eine gut durchfeuchtete Haut wirkt frisch, glatt und l\u00e4sst Dich jugendlich strahlen.<\/div><\/li>\n<li><div class=\"wp-block-latest-posts__featured-image\"><img loading=\"lazy\" decoding=\"async\" width=\"580\" height=\"311\" src=\"https:\/\/www.calu.de\/blog\/wp-content\/uploads\/2021\/11\/header-isoflavone-pflanzen-im-reagenzglas.jpg\" class=\"attachment-large size-large wp-post-image\" alt=\"Isoflavone, die pflanzlichen \u00d6strogene der Natur\" style=\"\" srcset=\"https:\/\/www.calu.de\/blog\/wp-content\/uploads\/2021\/11\/header-isoflavone-pflanzen-im-reagenzglas.jpg 1000w, https:\/\/www.calu.de\/blog\/wp-content\/uploads\/2021\/11\/header-isoflavone-pflanzen-im-reagenzglas-300x161.jpg 300w, https:\/\/www.calu.de\/blog\/wp-content\/uploads\/2021\/11\/header-isoflavone-pflanzen-im-reagenzglas-768x412.jpg 768w\" sizes=\"auto, (max-width: 580px) 100vw, 580px\" \/><\/div><a class=\"wp-block-latest-posts__post-title\" href=\"https:\/\/www.calu.de\/blog\/isoflavone-pflanzliche-faltenkiller\/\">Isoflavone \u2013 pflanzliche Faltenkiller!<\/a><time datetime=\"2021-11-09T11:05:45+00:00\" class=\"wp-block-latest-posts__post-date\">November 9, 2021<\/time><div class=\"wp-block-latest-posts__post-excerpt\">Isoflavone, die pflanzlichen \u00d6strogene der Natur, begegnen uns immer wieder im Zusammenhang mit Kosmetikprodukten oder Nahrungserg\u00e4nzungsmitteln. \n\n<\/div><\/li>\n<li><div class=\"wp-block-latest-posts__featured-image\"><img loading=\"lazy\" decoding=\"async\" width=\"580\" height=\"311\" src=\"https:\/\/www.calu.de\/blog\/wp-content\/uploads\/2021\/09\/calu-haut-frau-gesicht.jpg\" class=\"attachment-large size-large wp-post-image\" alt=\"H\u00fcbsche Frau im mittleren Alter l\u00e4chelt in die Kamera und hat die H\u00e4nde am Kopf\" style=\"\" srcset=\"https:\/\/www.calu.de\/blog\/wp-content\/uploads\/2021\/09\/calu-haut-frau-gesicht.jpg 1000w, https:\/\/www.calu.de\/blog\/wp-content\/uploads\/2021\/09\/calu-haut-frau-gesicht-300x161.jpg 300w, https:\/\/www.calu.de\/blog\/wp-content\/uploads\/2021\/09\/calu-haut-frau-gesicht-768x412.jpg 768w\" sizes=\"auto, (max-width: 580px) 100vw, 580px\" \/><\/div><a class=\"wp-block-latest-posts__post-title\" href=\"https:\/\/www.calu.de\/blog\/wie-ist-unsere-haut-aufgebaut\/\">Wie ist unsere Haut aufgebaut?<\/a><time datetime=\"2021-09-16T09:35:33+00:00\" class=\"wp-block-latest-posts__post-date\">September 16, 2021<\/time><div class=\"wp-block-latest-posts__post-excerpt\">Die Haut ist ein Wunderwerk der Natur und absolut faszinierend. Als gr\u00f6\u00dftes Organ erf\u00fcllt sie eine Vielzahl an lebenswichtigen Funktionen, um uns vor Umwelteinfl\u00fcssen, Feuchtigkeits- und W\u00e4rmeverlust zu sch\u00fctzen. <\/div><\/li>\n<li><div class=\"wp-block-latest-posts__featured-image\"><img loading=\"lazy\" decoding=\"async\" width=\"580\" height=\"311\" src=\"https:\/\/www.calu.de\/blog\/wp-content\/uploads\/2021\/11\/calu-frau-haelt-avocado-vor-ihr-auge.jpg\" class=\"attachment-large size-large wp-post-image\" alt=\"Junge Frau h\u00e4lt sich eine halbierte Avocado mit Kern vor ihr linkes Auge und l\u00e4chelt\" style=\"\" srcset=\"https:\/\/www.calu.de\/blog\/wp-content\/uploads\/2021\/11\/calu-frau-haelt-avocado-vor-ihr-auge.jpg 1000w, https:\/\/www.calu.de\/blog\/wp-content\/uploads\/2021\/11\/calu-frau-haelt-avocado-vor-ihr-auge-300x161.jpg 300w, https:\/\/www.calu.de\/blog\/wp-content\/uploads\/2021\/11\/calu-frau-haelt-avocado-vor-ihr-auge-768x412.jpg 768w\" sizes=\"auto, (max-width: 580px) 100vw, 580px\" \/><\/div><a class=\"wp-block-latest-posts__post-title\" href=\"https:\/\/www.calu.de\/blog\/ernaehrung-fuer-die-haut-schoenheit-kommt-von-innen\/\">Ern\u00e4hrung f\u00fcr die Haut \u2013 Sch\u00f6nheit kommt von innen<\/a><time datetime=\"2021-08-13T07:03:43+00:00\" class=\"wp-block-latest-posts__post-date\">August 13, 2021<\/time><div class=\"wp-block-latest-posts__post-excerpt\">Essgewohnheiten beeinflussen den Alterungsprozess der Haut<\/div><\/li>\n<li><div class=\"wp-block-latest-posts__featured-image\"><img loading=\"lazy\" decoding=\"async\" width=\"580\" height=\"311\" src=\"https:\/\/www.calu.de\/blog\/wp-content\/uploads\/2021\/11\/header-frau-am-strand-im-bikini-im-sonnenstuhl.jpg\" class=\"attachment-large size-large wp-post-image\" alt=\"Frau mit Sonnenbrille liegt im Liegestuhl am Sandstrand und schaut auf das Meer\" style=\"\" srcset=\"https:\/\/www.calu.de\/blog\/wp-content\/uploads\/2021\/11\/header-frau-am-strand-im-bikini-im-sonnenstuhl.jpg 1000w, https:\/\/www.calu.de\/blog\/wp-content\/uploads\/2021\/11\/header-frau-am-strand-im-bikini-im-sonnenstuhl-300x161.jpg 300w, https:\/\/www.calu.de\/blog\/wp-content\/uploads\/2021\/11\/header-frau-am-strand-im-bikini-im-sonnenstuhl-768x412.jpg 768w\" sizes=\"auto, (max-width: 580px) 100vw, 580px\" \/><\/div><a class=\"wp-block-latest-posts__post-title\" href=\"https:\/\/www.calu.de\/blog\/lsf-und-spf-was-steckt-dahinter\/\">LSF und SPF &#8211; Was steckt dahinter?<\/a><time datetime=\"2021-07-28T08:42:31+00:00\" class=\"wp-block-latest-posts__post-date\">Juli 28, 2021<\/time><div class=\"wp-block-latest-posts__post-excerpt\">LSF 20, 30 oder 50? Wer kennt das nicht, man steht im Laden und hat die Qual der Wahl zwischen gef\u00fchlt Hunderten Sonnencremes. Um dir die Entscheidung etwas zu erleichtern, haben wir ein paar Tipps f\u00fcr Dich, um die f\u00fcr Dich perfekte Sonnencreme zu finden.<\/div><\/li>\n<li><div class=\"wp-block-latest-posts__featured-image\"><img loading=\"lazy\" decoding=\"async\" width=\"580\" height=\"310\" src=\"https:\/\/www.calu.de\/blog\/wp-content\/uploads\/2021\/06\/calu-frau-mit-sonnehut-lacht-am-meer-in-der-sonne.jpg\" class=\"attachment-large size-large wp-post-image\" alt=\"Frau l\u00e4chelt in die Kamera. Sie hat Spa\u00df am Strand, tr\u00e4gt als Schutz vor Hautalterung Sonnenhut und Kleidung.\" style=\"\" srcset=\"https:\/\/www.calu.de\/blog\/wp-content\/uploads\/2021\/06\/calu-frau-mit-sonnehut-lacht-am-meer-in-der-sonne.jpg 1000w, https:\/\/www.calu.de\/blog\/wp-content\/uploads\/2021\/06\/calu-frau-mit-sonnehut-lacht-am-meer-in-der-sonne-300x161.jpg 300w, https:\/\/www.calu.de\/blog\/wp-content\/uploads\/2021\/06\/calu-frau-mit-sonnehut-lacht-am-meer-in-der-sonne-768x411.jpg 768w\" sizes=\"auto, (max-width: 580px) 100vw, 580px\" \/><\/div><a class=\"wp-block-latest-posts__post-title\" href=\"https:\/\/www.calu.de\/blog\/photoaging-machen-licht-sonne-falten\/\">Photoaging &#8211; machen Licht &#038; Sonne Falten?<\/a><time datetime=\"2021-07-09T07:45:33+00:00\" class=\"wp-block-latest-posts__post-date\">Juli 9, 2021<\/time><div class=\"wp-block-latest-posts__post-excerpt\">Kennst du das Wohlgef\u00fchl, wenn ein Sonnenenstrahl nach einem tr\u00fcben Winter oder einer l\u00e4ngeren Regenperiode Deine Haut ber\u00fchrt? Wir Menschen lieben die Vorz\u00fcge des Sonnenlichts, schlie\u00dflich ist das Licht unser Lebenselixier. Aber wo Licht ist, ist auch Schatten. Die lichtbedingte Hautalterung zum Beispiel \u2026<\/div><\/li>\n<li><div class=\"wp-block-latest-posts__featured-image\"><img loading=\"lazy\" decoding=\"async\" width=\"580\" height=\"310\" src=\"https:\/\/www.calu.de\/blog\/wp-content\/uploads\/2021\/06\/calu-sonne-hautpflege-sonnencreme.jpg\" class=\"attachment-large size-large wp-post-image\" alt=\"Frau mit einer Sonne aus Sonnencreme auf der Wange am Strand l\u00e4chelt in die Kamera\" style=\"\" srcset=\"https:\/\/www.calu.de\/blog\/wp-content\/uploads\/2021\/06\/calu-sonne-hautpflege-sonnencreme.jpg 1000w, https:\/\/www.calu.de\/blog\/wp-content\/uploads\/2021\/06\/calu-sonne-hautpflege-sonnencreme-300x161.jpg 300w, https:\/\/www.calu.de\/blog\/wp-content\/uploads\/2021\/06\/calu-sonne-hautpflege-sonnencreme-768x411.jpg 768w\" sizes=\"auto, (max-width: 580px) 100vw, 580px\" \/><\/div><a class=\"wp-block-latest-posts__post-title\" href=\"https:\/\/www.calu.de\/blog\/15-tipps-rund-um-sonne-haut\/\">15 Tipps rund um Sonne &#038; Haut<\/a><time datetime=\"2021-06-28T12:19:29+00:00\" class=\"wp-block-latest-posts__post-date\">Juni 28, 2021<\/time><div class=\"wp-block-latest-posts__post-excerpt\">Die Sonne lacht vom Himmel und lockt uns nach drau\u00dfen. Wer hautgesund durch den Sommer kommen m\u00f6chte, sollte allerdings ein paar Dinge beachten, damit die Freude nicht nur von kurzer Dauer ist. <\/div><\/li>\n<li><div class=\"wp-block-latest-posts__featured-image\"><img loading=\"lazy\" decoding=\"async\" width=\"580\" height=\"311\" src=\"https:\/\/www.calu.de\/blog\/wp-content\/uploads\/2021\/11\/frau-pflanze-blumentopf-gesicht-haut-lachen-freude.jpg\" class=\"attachment-large size-large wp-post-image\" alt=\"Eine freundlich l\u00e4chelnde h\u00fcbsche junge Frau h\u00e4lt einen Blumentopf mit einer gr\u00fcnen Pflanze in ihrer Hand und halb vor ihrem Gesicht.\" style=\"\" srcset=\"https:\/\/www.calu.de\/blog\/wp-content\/uploads\/2021\/11\/frau-pflanze-blumentopf-gesicht-haut-lachen-freude.jpg 1000w, https:\/\/www.calu.de\/blog\/wp-content\/uploads\/2021\/11\/frau-pflanze-blumentopf-gesicht-haut-lachen-freude-300x161.jpg 300w, https:\/\/www.calu.de\/blog\/wp-content\/uploads\/2021\/11\/frau-pflanze-blumentopf-gesicht-haut-lachen-freude-768x412.jpg 768w\" sizes=\"auto, (max-width: 580px) 100vw, 580px\" \/><\/div><a class=\"wp-block-latest-posts__post-title\" href=\"https:\/\/www.calu.de\/blog\/falten-reduzieren-das-blumentopf-prinzip\/\">Falten reduzieren \u2013 das Blumentopf-Prinzip f\u00fcr effektives Anti Aging<\/a><time datetime=\"2021-06-15T10:36:05+00:00\" class=\"wp-block-latest-posts__post-date\">Juni 15, 2021<\/time><div class=\"wp-block-latest-posts__post-excerpt\">Feuchtigkeit von innen und au\u00dfen gilt als absoluter Jungbrunnen und Garant f\u00fcr eine sch\u00f6ne, pralle und frische Haut. Gerade in der Anti-Aging-Hautpflege spielt Feuchtigkeit eine entscheidende Rolle, wenn es darum geht, Falten effektiv zu reduzieren. Doch warum ist Feuchtigkeit eigentlich&hellip;<\/div><\/li>\n<li><div class=\"wp-block-latest-posts__featured-image\"><img loading=\"lazy\" decoding=\"async\" width=\"580\" height=\"311\" src=\"https:\/\/www.calu.de\/blog\/wp-content\/uploads\/2021\/11\/hund-pfote-herz.jpg\" class=\"attachment-large size-large wp-post-image\" alt=\"Braun-wei\u00dfer Hund liegt traurig auf dem Boden. Auf dem Banner ist folgender Schriftzug zu lesen: Mit der Pfote direkt ins Herz.\" style=\"\" srcset=\"https:\/\/www.calu.de\/blog\/wp-content\/uploads\/2021\/11\/hund-pfote-herz.jpg 1000w, https:\/\/www.calu.de\/blog\/wp-content\/uploads\/2021\/11\/hund-pfote-herz-300x161.jpg 300w, https:\/\/www.calu.de\/blog\/wp-content\/uploads\/2021\/11\/hund-pfote-herz-768x412.jpg 768w\" sizes=\"auto, (max-width: 580px) 100vw, 580px\" \/><\/div><a class=\"wp-block-latest-posts__post-title\" href=\"https:\/\/www.calu.de\/blog\/calu-spendenaktion-tierschutzverein\/\">Calu-Spendenaktion \u2013 Tierschutzverein<\/a><time datetime=\"2021-05-03T15:08:10+00:00\" class=\"wp-block-latest-posts__post-date\">Mai 3, 2021<\/time><div class=\"wp-block-latest-posts__post-excerpt\">Wie in den vergangenen Jahren hat Calu auch 2021 wieder eine gro\u00dfe Spendenaktion geplant. F\u00fcr unseren Erfolg sind wir als Unternehmen unglaublich dankbar, gerade jetzt ist dies nicht immer selbstverst\u00e4ndlich. Einen Teil dieses Erfolges geben wir deshalb gerne weiter. <\/div><\/li>\n<li><div class=\"wp-block-latest-posts__featured-image\"><img loading=\"lazy\" decoding=\"async\" width=\"580\" height=\"311\" src=\"https:\/\/www.calu.de\/blog\/wp-content\/uploads\/2021\/11\/frau-blickt-in-spiegel-reinigt-gesicht.jpg\" class=\"attachment-large size-large wp-post-image\" alt=\"Frau reinigt ihr Gesicht vor dem Spiegel und tr\u00e4gt einen Turban auf dem Kopf\" style=\"\" srcset=\"https:\/\/www.calu.de\/blog\/wp-content\/uploads\/2021\/11\/frau-blickt-in-spiegel-reinigt-gesicht.jpg 1000w, https:\/\/www.calu.de\/blog\/wp-content\/uploads\/2021\/11\/frau-blickt-in-spiegel-reinigt-gesicht-300x161.jpg 300w, https:\/\/www.calu.de\/blog\/wp-content\/uploads\/2021\/11\/frau-blickt-in-spiegel-reinigt-gesicht-768x412.jpg 768w\" sizes=\"auto, (max-width: 580px) 100vw, 580px\" \/><\/div><a class=\"wp-block-latest-posts__post-title\" href=\"https:\/\/www.calu.de\/blog\/die-perfekte-gesichtsreinigung\/\">Die perfekte Hautreinigung und warum Wasser alleine nicht ausreicht!<\/a><time datetime=\"2021-04-15T06:28:22+00:00\" class=\"wp-block-latest-posts__post-date\">April 15, 2021<\/time><div class=\"wp-block-latest-posts__post-excerpt\">Unsere Haut produziert den ganzen Tag lang \u00fcber einen feinen Fettfilm, der wie ein Magnet Staubpartikel anzieht. Zudem gelangen auch Bakterien \u00fcber unsere H\u00e4nde auf unsere Gesichtshaut. Nat\u00fcrlich hinterlassen auch Make-up und Wimperntusche ihre Spuren. Deshalb ist es besonders abends&hellip;<\/div><\/li>\n<li><div class=\"wp-block-latest-posts__featured-image\"><img loading=\"lazy\" decoding=\"async\" width=\"580\" height=\"311\" src=\"https:\/\/www.calu.de\/blog\/wp-content\/uploads\/2021\/11\/header-naturoel-pflanze-gruen-oel.jpg\" class=\"attachment-large size-large wp-post-image\" alt=\"Pipette mit einem Tropfen \u00d6l mit gr\u00fcnem Hintergrund tropft in ein Glas\" style=\"\" srcset=\"https:\/\/www.calu.de\/blog\/wp-content\/uploads\/2021\/11\/header-naturoel-pflanze-gruen-oel.jpg 1000w, https:\/\/www.calu.de\/blog\/wp-content\/uploads\/2021\/11\/header-naturoel-pflanze-gruen-oel-300x161.jpg 300w, https:\/\/www.calu.de\/blog\/wp-content\/uploads\/2021\/11\/header-naturoel-pflanze-gruen-oel-768x412.jpg 768w\" sizes=\"auto, (max-width: 580px) 100vw, 580px\" \/><\/div><a class=\"wp-block-latest-posts__post-title\" href=\"https:\/\/www.calu.de\/blog\/kein-mineraloel-in-calu-kosmetik\/\">Mineral\u00f6l in Calu Kosmetik?<\/a><time datetime=\"2021-03-26T10:00:00+00:00\" class=\"wp-block-latest-posts__post-date\">M\u00e4rz 26, 2021<\/time><div class=\"wp-block-latest-posts__post-excerpt\">Hast du schon mal dr\u00fcber nachgedacht, mit was du dein Gesicht eincremst? Wieso dich dein Lippenpflegestift abh\u00e4ngig macht? Noch immer ist in zahlreichen Kosmetikprodukten Mineral\u00f6l ein essenzieller Bestandteil. Aber ist das ein Problem? Wir von Calu Kosmetik sagen ja! Erfahre in diesem Blog-Beitrag mehr rund ums Thema \u201eMineral\u00f6l in Kosmetika\u201c.<\/div><\/li>\n<li><div class=\"wp-block-latest-posts__featured-image\"><img loading=\"lazy\" decoding=\"async\" width=\"580\" height=\"311\" src=\"https:\/\/www.calu.de\/blog\/wp-content\/uploads\/2021\/02\/calu-yoga-entspannung.jpg\" class=\"attachment-large size-large wp-post-image\" alt=\"Frau sitzt im Yoga-Sitz mit Blick aufs Meer entspannt auf einem Steg\" style=\"\" \/><\/div><a class=\"wp-block-latest-posts__post-title\" href=\"https:\/\/www.calu.de\/blog\/geniesse-den-moment-lebe-jetzt\/\">Gl\u00fccksmomente leben<\/a><time datetime=\"2021-03-04T08:00:09+00:00\" class=\"wp-block-latest-posts__post-date\">M\u00e4rz 4, 2021<\/time><div class=\"wp-block-latest-posts__post-excerpt\">Gefangen im Hamsterrad des Alltags rennen wir unserem vollgestopften Zeitplan hinterher und vergessen uns selbst dabei. \u00bbIch muss noch staubsaugen, Sport machen, supergesund kochen, anspruchsvolle Literatur lesen, ich muss, ich muss, ich muss \u2026 gar nichts.\u00ab<\/div><\/li>\n<li><div class=\"wp-block-latest-posts__featured-image\"><img loading=\"lazy\" decoding=\"async\" width=\"580\" height=\"311\" src=\"https:\/\/www.calu.de\/blog\/wp-content\/uploads\/2021\/02\/calu-verschwendete-zeit-spruch-herz-schild.jpg\" class=\"attachment-large size-large wp-post-image\" alt=\"Ein Schild in Herzform mit dem Spruch \u00bbtime you enjoyed wasting is not wasted time\u00ab als Inspiration f\u00fcr diesen Blogbeitrag\" style=\"\" \/><\/div><a class=\"wp-block-latest-posts__post-title\" href=\"https:\/\/www.calu.de\/blog\/verschwendete-zeit\/\">Verschwendete Zeit?<\/a><time datetime=\"2021-02-24T10:16:01+00:00\" class=\"wp-block-latest-posts__post-date\">Februar 24, 2021<\/time><div class=\"wp-block-latest-posts__post-excerpt\">time you enjoyed wasting is not wasted time \u00bb Zeit, die du genussvoll verschwendet hast, ist keine verschwendete Zeit. \u00ab Dieser Spruch begleitet mich nun schon seit einigen Jahren \u2026 er entspannt mich und mein ganzes \u00bbSystem\u00ab noch immer nachhaltig.&hellip;<\/div><\/li>\n<li><div class=\"wp-block-latest-posts__featured-image\"><img loading=\"lazy\" decoding=\"async\" width=\"580\" height=\"311\" src=\"https:\/\/www.calu.de\/blog\/wp-content\/uploads\/2021\/01\/calu_210205_header.jpg\" class=\"attachment-large size-large wp-post-image\" alt=\"\" style=\"\" srcset=\"https:\/\/www.calu.de\/blog\/wp-content\/uploads\/2021\/01\/calu_210205_header.jpg 1000w, https:\/\/www.calu.de\/blog\/wp-content\/uploads\/2021\/01\/calu_210205_header-300x161.jpg 300w, https:\/\/www.calu.de\/blog\/wp-content\/uploads\/2021\/01\/calu_210205_header-768x412.jpg 768w\" sizes=\"auto, (max-width: 580px) 100vw, 580px\" \/><\/div><a class=\"wp-block-latest-posts__post-title\" href=\"https:\/\/www.calu.de\/blog\/airless-spender-der-zukunft\/\">Airless &#8211; Spender der Zukunft<\/a><time datetime=\"2021-02-05T10:00:28+00:00\" class=\"wp-block-latest-posts__post-date\">Februar 5, 2021<\/time><div class=\"wp-block-latest-posts__post-excerpt\">Liebe Leserin, lieber Leser, bei Calu legen wir sehr viel Wert auf h\u00f6chste Qualit\u00e4t. Unser Fokus liegt nat\u00fcrlich auf dem Inhalt des Produkts: die Beschaffenheit, die Wirksamkeit und die Inhaltsstoffe sind f\u00fcr uns das A und O. Genauso wichtig ist&hellip;<\/div><\/li>\n<li><div class=\"wp-block-latest-posts__featured-image\"><img loading=\"lazy\" decoding=\"async\" width=\"580\" height=\"311\" src=\"https:\/\/www.calu.de\/blog\/wp-content\/uploads\/2021\/11\/header-frau-im-schnee-mit-muetze-handschuhe.jpg\" class=\"attachment-large size-large wp-post-image\" alt=\"L\u00e4chelnde Frau mit Wollm\u00fctze steht mit geschlossenen Augen im Schneegest\u00f6ber, tr\u00e4gt Handschuhe und h\u00e4lt sich die H\u00e4nde an die Wangen\" style=\"\" srcset=\"https:\/\/www.calu.de\/blog\/wp-content\/uploads\/2021\/11\/header-frau-im-schnee-mit-muetze-handschuhe.jpg 1000w, https:\/\/www.calu.de\/blog\/wp-content\/uploads\/2021\/11\/header-frau-im-schnee-mit-muetze-handschuhe-300x161.jpg 300w, https:\/\/www.calu.de\/blog\/wp-content\/uploads\/2021\/11\/header-frau-im-schnee-mit-muetze-handschuhe-768x412.jpg 768w\" sizes=\"auto, (max-width: 580px) 100vw, 580px\" \/><\/div><a class=\"wp-block-latest-posts__post-title\" href=\"https:\/\/www.calu.de\/blog\/10-tipps-fuer-die-winterhaut\/\">10 Tipps f\u00fcr die Winterhaut<\/a><time datetime=\"2021-01-14T11:00:00+00:00\" class=\"wp-block-latest-posts__post-date\">Januar 14, 2021<\/time><div class=\"wp-block-latest-posts__post-excerpt\">Romantische Wintermonate mit Schneelandschaften und prasselndem Kaminfeuer sind gut f\u00fcrs Gem\u00fct, aber leider meistens eine Strapaze f\u00fcr die Haut &#8211; die Gesichtshaut leidet unter dem st\u00e4ndigen Temperaturwechsel und Trockenheit. Ein Spannungsgef\u00fchl auf der Haut, vor allem im Gesicht, aber auch&hellip;<\/div><\/li>\n<li><div class=\"wp-block-latest-posts__featured-image\"><img loading=\"lazy\" decoding=\"async\" width=\"580\" height=\"311\" src=\"https:\/\/www.calu.de\/blog\/wp-content\/uploads\/2021\/01\/Header_Rueckblick.jpg\" class=\"attachment-large size-large wp-post-image\" alt=\"Rosa Schreibtischhintergrund auf dem Calu Jahresr\u00fcckblick steht\" style=\"\" srcset=\"https:\/\/www.calu.de\/blog\/wp-content\/uploads\/2021\/01\/Header_Rueckblick.jpg 1000w, https:\/\/www.calu.de\/blog\/wp-content\/uploads\/2021\/01\/Header_Rueckblick-300x161.jpg 300w, https:\/\/www.calu.de\/blog\/wp-content\/uploads\/2021\/01\/Header_Rueckblick-768x412.jpg 768w\" sizes=\"auto, (max-width: 580px) 100vw, 580px\" \/><\/div><a class=\"wp-block-latest-posts__post-title\" href=\"https:\/\/www.calu.de\/blog\/jahresrueckblick-2020\/\">Jahresr\u00fcckblick 2020<\/a><time datetime=\"2021-01-08T13:36:43+00:00\" class=\"wp-block-latest-posts__post-date\">Januar 8, 2021<\/time><div class=\"wp-block-latest-posts__post-excerpt\">Liebe Leserin, lieber Leser,ein bewegtes und herausforderndes Jahr 2020 ist vorbei. Dennoch gelang es uns, miteinander viele Ziele und Projekte zu realisieren. Wir sind &#8222;Spitze&#8220; Mit dem Motto \u201eGemeinsam sind wir Spitze\u201c starteten wir Anfang M\u00e4rz eine Spendenaktion f\u00fcr das&hellip;<\/div><\/li>\n<li><div class=\"wp-block-latest-posts__featured-image\"><img loading=\"lazy\" decoding=\"async\" width=\"580\" height=\"327\" src=\"https:\/\/www.calu.de\/blog\/wp-content\/uploads\/2020\/12\/Header_Schmirl.jpg\" class=\"attachment-large size-large wp-post-image\" alt=\"Wer ist Herr Schmirl?\" style=\"\" srcset=\"https:\/\/www.calu.de\/blog\/wp-content\/uploads\/2020\/12\/Header_Schmirl.jpg 1000w, https:\/\/www.calu.de\/blog\/wp-content\/uploads\/2020\/12\/Header_Schmirl-300x169.jpg 300w, https:\/\/www.calu.de\/blog\/wp-content\/uploads\/2020\/12\/Header_Schmirl-768x432.jpg 768w\" sizes=\"auto, (max-width: 580px) 100vw, 580px\" \/><\/div><a class=\"wp-block-latest-posts__post-title\" href=\"https:\/\/www.calu.de\/blog\/tierische-weihnachtspost\/\">Tierische Weihnachtspost<\/a><time datetime=\"2020-12-18T08:00:54+00:00\" class=\"wp-block-latest-posts__post-date\">Dezember 18, 2020<\/time><div class=\"wp-block-latest-posts__post-excerpt\">Kenn ich den? Sie fragen sich, Herr Schmirl? Ist das der Buchhalter von Calu? Frau Fischers Gatte? Weit gefehlt. Im wahren Leben teilt sich Herr Schmirl ein gem\u00fctliches Zuhause mit unserer Calu-Chefin Claudia Fischer und l\u00e4sst sich jeden Abend von&hellip;<\/div><\/li>\n<li><div class=\"wp-block-latest-posts__featured-image\"><img loading=\"lazy\" decoding=\"async\" width=\"580\" height=\"327\" src=\"https:\/\/www.calu.de\/blog\/wp-content\/uploads\/2020\/11\/Head_Banner_T-Zone_01.jpg\" class=\"attachment-large size-large wp-post-image\" alt=\"Das Problem mit der T-Zone\" style=\"\" srcset=\"https:\/\/www.calu.de\/blog\/wp-content\/uploads\/2020\/11\/Head_Banner_T-Zone_01.jpg 1000w, https:\/\/www.calu.de\/blog\/wp-content\/uploads\/2020\/11\/Head_Banner_T-Zone_01-300x169.jpg 300w, https:\/\/www.calu.de\/blog\/wp-content\/uploads\/2020\/11\/Head_Banner_T-Zone_01-768x432.jpg 768w\" sizes=\"auto, (max-width: 580px) 100vw, 580px\" \/><\/div><a class=\"wp-block-latest-posts__post-title\" href=\"https:\/\/www.calu.de\/blog\/das-problem-mit-der-t-zone\/\">Das Problem mit der T-Zone<\/a><time datetime=\"2020-12-13T16:11:03+00:00\" class=\"wp-block-latest-posts__post-date\">Dezember 13, 2020<\/time><div class=\"wp-block-latest-posts__post-excerpt\">Bei Calu Kosmetik unterscheiden wir nicht nach Hauttypen im herk\u00f6mmlichen Sinne. Jede Haut ist im Grunde eine Mischhaut. Vielleicht haben Sie auch schon festgestellt, dass Sie in der sogenannten T-Zone (Stirn, Nase, Kinn) eine gute Eigenversorgung haben und die Haut&hellip;<\/div><\/li>\n<li><div class=\"wp-block-latest-posts__featured-image\"><img loading=\"lazy\" decoding=\"async\" width=\"580\" height=\"311\" src=\"https:\/\/www.calu.de\/blog\/wp-content\/uploads\/2021\/11\/header-q10.jpg\" class=\"attachment-large size-large wp-post-image\" alt=\"Detailansicht von Q10\" style=\"\" srcset=\"https:\/\/www.calu.de\/blog\/wp-content\/uploads\/2021\/11\/header-q10.jpg 1000w, https:\/\/www.calu.de\/blog\/wp-content\/uploads\/2021\/11\/header-q10-300x161.jpg 300w, https:\/\/www.calu.de\/blog\/wp-content\/uploads\/2021\/11\/header-q10-768x412.jpg 768w\" sizes=\"auto, (max-width: 580px) 100vw, 580px\" \/><\/div><a class=\"wp-block-latest-posts__post-title\" href=\"https:\/\/www.calu.de\/blog\/coenzym-q10\/\">Coenzym Q10<\/a><time datetime=\"2020-11-30T08:29:26+00:00\" class=\"wp-block-latest-posts__post-date\">November 30, 2020<\/time><div class=\"wp-block-latest-posts__post-excerpt\">Das Coenzym Q10 ist aus der heutigen Kosmetikwelt nicht mehr wegzudenken und ist so in einer Vielzahl von Kosmetikprodukten enthalten. Es gilt als Jungbrunnen f\u00fcr die Haut, er kann aber noch viel mehr \u2026&nbsp; Q10 &#8211; Power-Wirkstoff und Radikalf\u00e4nger Nicht&hellip;<\/div><\/li>\n<li><div class=\"wp-block-latest-posts__featured-image\"><img loading=\"lazy\" decoding=\"async\" width=\"580\" height=\"327\" src=\"https:\/\/www.calu.de\/blog\/wp-content\/uploads\/2020\/10\/Header_SensibleHaut.jpg\" class=\"attachment-large size-large wp-post-image\" alt=\"Frau mit Handtuchturban auf dem Kopf hat die H\u00e4nde an den Wangenknochen. Auf dem Bild steht der Text &quot;Sensible Haut?&quot;. Unterhalb liegt eine Feder.\" style=\"\" srcset=\"https:\/\/www.calu.de\/blog\/wp-content\/uploads\/2020\/10\/Header_SensibleHaut.jpg 1000w, https:\/\/www.calu.de\/blog\/wp-content\/uploads\/2020\/10\/Header_SensibleHaut-300x169.jpg 300w, https:\/\/www.calu.de\/blog\/wp-content\/uploads\/2020\/10\/Header_SensibleHaut-768x432.jpg 768w\" sizes=\"auto, (max-width: 580px) 100vw, 580px\" \/><\/div><a class=\"wp-block-latest-posts__post-title\" href=\"https:\/\/www.calu.de\/blog\/sensible-haut\/\">Sensible Haut<\/a><time datetime=\"2020-11-13T16:14:43+00:00\" class=\"wp-block-latest-posts__post-date\">November 13, 2020<\/time><div class=\"wp-block-latest-posts__post-excerpt\">Calu Kosmetik ist f\u00fcr die sensibelste Haut geeignet Wir haben doch alle diese eine Freundin, bei der die Haut hochsensibel reagiert und sie sich schon gar nicht mehr traut, irgendeine Creme zu verwenden &#8230; Mit unseren Calu-Kosmetik-Produkten l\u00e4sst sich \u201eProblemhaut\u201c&hellip;<\/div><\/li>\n<\/ul>","protected":false},"excerpt":{"rendered":"","protected":false},"author":3,"featured_media":0,"parent":0,"menu_order":0,"comment_status":"closed","ping_status":"closed","template":"","meta":{"footnotes":""},"class_list":["post-2325","page","type-page","status-publish","hentry"],"_links":{"self":[{"href":"https:\/\/www.calu.de\/blog\/wp-json\/wp\/v2\/pages\/2325","targetHints":{"allow":["GET"]}}],"collection":[{"href":"https:\/\/www.calu.de\/blog\/wp-json\/wp\/v2\/pages"}],"about":[{"href":"https:\/\/www.calu.de\/blog\/wp-json\/wp\/v2\/types\/page"}],"author":[{"embeddable":true,"href":"https:\/\/www.calu.de\/blog\/wp-json\/wp\/v2\/users\/3"}],"replies":[{"embeddable":true,"href":"https:\/\/www.calu.de\/blog\/wp-json\/wp\/v2\/comments?post=2325"}],"version-history":[{"count":5,"href":"https:\/\/www.calu.de\/blog\/wp-json\/wp\/v2\/pages\/2325\/revisions"}],"predecessor-version":[{"id":3113,"href":"https:\/\/www.calu.de\/blog\/wp-json\/wp\/v2\/pages\/2325\/revisions\/3113"}],"wp:attachment":[{"href":"https:\/\/www.calu.de\/blog\/wp-json\/wp\/v2\/media?parent=2325"}],"curies":[{"name":"wp","href":"https:\/\/api.w.org\/{rel}","templated":true}]}}